{"id":26086,"date":"2022-09-15T12:08:09","date_gmt":"2022-09-15T12:08:09","guid":{"rendered":"https:\/\/greentec.eu\/sustainability\/"},"modified":"2026-03-18T08:54:11","modified_gmt":"2026-03-18T08:54:11","slug":"baeredygtighed","status":"publish","type":"page","link":"https:\/\/greentec.eu\/da\/baeredygtighed\/","title":{"rendered":"B\u00e6redygtighed"},"content":{"rendered":"<div id=\"pl-26086\"  class=\"panel-layout\" ><div id=\"pg-26086-0\"  class=\"panel-grid panel-no-style\" ><div id=\"pgc-26086-0-0\"  class=\"panel-grid-cell\" ><div id=\"panel-26086-0-0-0\" class=\"so-panel widget widget_mtt-cover panel-first-child panel-last-child\" data-index=\"0\" ><div\n\t\t\t\n\t\t\tclass=\"so-widget-mtt-cover so-widget-mtt-cover-base\"\n\t\t\t\n\t\t>\n<section class=\"mtt-cover\">\n\n            <img decoding=\"async\" class=\"mtt-cover__graphic graphic graphic--cover-corner\" src=\"https:\/\/greentec.eu\/wp-content\/themes\/greentec-wordpress-theme\/public\/img\/graphic\/cover-bottom-right-shape-white.svg\" alt=\"\"\/>\n    \n    <div class=\"mtt-cover__inner\">\n        <div class=\"mtt-cover__page-container page_container\">\n            <div class=\"mtt-cover__text-container\">\n                                                                            <\/div>\n\n                    <\/div>\n\n        <div class=\"mtt-cover__images\">\n                            <div class=\"mtt-image object-fit\">\n                    <picture>\n                                                    <source srcset=\"https:\/\/greentec.eu\/wp-content\/uploads\/2022\/11\/Sustainability-image-cover-mobile.webp\" media=\"(max-width: 550px)\">\n                                                                        <img decoding=\"async\" src=\"https:\/\/greentec.eu\/wp-content\/uploads\/2022\/11\/Sustainability-image-cover-desktop.webp\" alt=\"GreenTec b\u00e6redygtighed\">\n                    <\/picture>\n                <\/div>\n                                            <\/div>\n\n    <\/div>\n<\/section><\/div><\/div><\/div><\/div><div id=\"pg-26086-1\"  class=\"panel-grid panel-no-style\" ><div id=\"pgc-26086-1-0\"  class=\"panel-grid-cell\" ><div id=\"panel-26086-1-0-0\" class=\"so-panel widget widget_mtt-text-columns-image panel-first-child panel-last-child\" data-index=\"1\" ><div\n\t\t\t\n\t\t\tclass=\"so-widget-mtt-text-columns-image so-widget-mtt-text-columns-image-base\"\n\t\t\t\n\t\t>\n<section class=\"mtt-text-columns-image spacing_top_32 spacing_bottom_56 spacing-classes-added\">\n    <div class=\"mtt-text-columns-image__inner\">\n        <div class=\"page_container\">\n            <div class=\"mtt-text-columns-image__text-wrap full\">\n                                    <p class=\"mtt-text-columns-image__tagline tagline tagline--prim\">B\u00e6redygtighed<\/p>\n                                                    <h1 class=\"mtt-text-columns-image__title title title--2\">GreenTec arbejder for en b\u00e6redygtig produktionsfremtid<\/h1>\n                \n                                    <div class=\"mtt-text-columns-image__text-wrapper wysiwyg\">\n                                                    <div class=\"mtt-text-columns-image__text mtt-text-columns-image__text--first\">\n                                <p><strong>GreenTec er en virksomhed i v\u00e6kst, og vi er fuldst\u00e6ndig bevidste om det ansvar virksomhedsdrift i vores branche medf\u00f8rer. Vi \u00f8nsker derfor, at bidrage positivt til den gr\u00f8nne omstilling for en god og b\u00e6redygtig fremtid for os alle.<\/strong><\/p>\n<p>Hos GreenTec f\u00f8lger vi tanken om, at arbejdet med b\u00e6redygtighed b\u00e5de skal v\u00e6re til fordel for milj\u00f8et og \u00f8konomien, for uden et \u00f8konomisk incitament sker der ganske enkelt ingenting. Vi tror p\u00e5, at det ikke er en begr\u00e6nsende faktor at passe p\u00e5 milj\u00f8et, men derimod en mulighed.<\/p>\n<p>Netop derfor har vi brugt en masse ressourcer p\u00e5 at gennemg\u00e5 organisationen i et mere b\u00e6redygtigt lys for milj\u00f8et og samfundets skyld. Hos GreenTec bestr\u00e6ber vi os p\u00e5, altid at g\u00f8re det bedre og vi arbejder derfor l\u00f8bende med den gr\u00f8nne omstilling - b\u00e5de i virksomheden og hos kunden. En rejse som kun lige er begyndt og som vi gl\u00e6der os til og ser p\u00e5 med stor alvor - vi skal g\u00e5 forrest, fordi det giver mening.<\/p>\n                            <\/div>\n                                                                            <div class=\"mtt-text-columns-image__text mtt-text-columns-image__text--second\">\n                                <p><a href=\"https:\/\/www.dropbox.com\/s\/t3bl7q8r74hk622\/DK%20Udviklingsrapport%202022.pdf?dl=0\"><img decoding=\"async\" class=\"alignnone wp-image-26097 size-full\" src=\"https:\/\/greentec.eu\/wp-content\/uploads\/2023\/07\/Sustainability-Report-DK.webp\" alt=\"B\u00e6redygtighedsrapport\" width=\"1000\" height=\"710\" srcset=\"https:\/\/greentec.eu\/wp-content\/uploads\/2023\/07\/Sustainability-Report-DK.webp 1000w, https:\/\/greentec.eu\/wp-content\/uploads\/2023\/07\/Sustainability-Report-DK-300x213.webp 300w\" sizes=\"(max-width: 1000px) 100vw, 1000px\" \/><\/a><\/p>\n                            <\/div>\n                                            <\/div>\n                \n                                    <div class=\"mtt-text-columns-image__buttons\">\n                        \n    <div class=\"button-section\">\n\n        \n                <a href=\"https:\/\/www.dropbox.com\/s\/t3bl7q8r74hk622\/DK%20Udviklingsrapport%202022.pdf?dl=0\" class=\"button default\">\n                                        L\u00e6s vores b\u00e6redygtighedsrapport                                    <\/a>\n\n            \n                <a href=\"https:\/\/www.dropbox.com\/sh\/wr5rgazaqflbv1a\/AADVgjabkRtP6LjvTWGMQcDqa?dl=0\" class=\"button outline-primary\">\n                                        Referencedokumenter                                    <\/a>\n\n            \n    <\/div>\n\n                    <\/div>\n                            <\/div>\n        <\/div>\n\n        \n    <\/div>\n<\/section><\/div><\/div><\/div><\/div><div id=\"pg-26086-2\"  class=\"panel-grid panel-no-style\" ><div id=\"pgc-26086-2-0\"  class=\"panel-grid-cell\" ><div id=\"panel-26086-2-0-0\" class=\"so-panel widget widget_mtt-image-text-boxes-slider panel-first-child panel-last-child\" data-index=\"2\" ><div\n\t\t\t\n\t\t\tclass=\"so-widget-mtt-image-text-boxes-slider so-widget-mtt-image-text-boxes-slider-base\"\n\t\t\t\n\t\t>\n<section class=\"mtt-image-text-boxes-slider spacing_bottom_56 spacing-classes-added\">\n    <div class=\"mtt-image-text-boxes-slider__inner page_container\">\n\n        \n        <div class=\"mtt-image-text-boxes-slider__repeater-container swiper\">\n            <div class=\"mtt-image-text-boxes-slider__buttons\">\n                <button class=\"swiper-prev swiper-button-prev absolute\" aria-label=\"\"><\/button>\n                <button class=\"swiper-next swiper-button-next absolute\" aria-label=\"\"><\/button>\n            <\/div>\n\n            <div class=\"swiper-wrapper\">\n                \n<div class=\"mtt-image-text-box swiper-slide\">\n      <div class=\"mtt-image-text-box__image object-fit\">\n      <img decoding=\"async\" src=\"https:\/\/greentec.eu\/wp-content\/uploads\/2023\/06\/8-Sustainability-Icon.svg\" alt=\"Anst\u00e6ndigt arbejde og \u00f8konomisk v\u00e6kst\">\n    <\/div>\n        <div class=\"mtt-image-text-box__text-container\">\n              <p class=\"mtt-image-text-box__text\"><br \/><p>Vi \u00f8nsker at fremme vedvarende og b\u00e6redygtig \u00f8konomisk v\u00e6kst, samt anst\u00e6ndigt arbejde til alle.<\/p><\/p>\n          <\/div>\n  \n<\/div>\n<div class=\"mtt-image-text-box swiper-slide\">\n      <div class=\"mtt-image-text-box__image object-fit\">\n      <img decoding=\"async\" src=\"https:\/\/greentec.eu\/wp-content\/uploads\/2023\/06\/12-Sustainability-Icon.svg\" alt=\"Ansvarligt forbrug og produktion\">\n    <\/div>\n        <div class=\"mtt-image-text-box__text-container\">\n              <p class=\"mtt-image-text-box__text\"><br \/><p>Vi \u00f8nsker at p\u00e5virke b\u00e6redygtig produktion og forbruget positivt ved at arbejde med ansvarlig h\u00e5ndtering af ressourcer og affald i hele v\u00e6rdik\u00e6den.<\/p><\/p>\n          <\/div>\n  \n<\/div>\n<div class=\"mtt-image-text-box swiper-slide\">\n      <div class=\"mtt-image-text-box__image object-fit\">\n      <img decoding=\"async\" src=\"https:\/\/greentec.eu\/wp-content\/uploads\/2023\/06\/15-Sustainability-Icon.svg\" alt=\"Livet p\u00e5 land\">\n    <\/div>\n        <div class=\"mtt-image-text-box__text-container\">\n              <p class=\"mtt-image-text-box__text\"><br \/><p>Vi \u00f8nsker at \u00f8ge vores positive indvirkning og dermed bidrage til at beskytte biodiversiteten og \u00f8kosystemerne.<\/p><\/p>\n          <\/div>\n  \n<\/div>            <\/div>\n        <\/div>\n\n    <\/div>\n<\/section>\n<\/div><\/div><\/div><\/div><div id=\"pg-26086-3\"  class=\"panel-grid panel-no-style\" ><div id=\"pgc-26086-3-0\"  class=\"panel-grid-cell\" ><div id=\"panel-26086-3-0-0\" class=\"so-panel widget widget_mtt-cover panel-first-child panel-last-child\" data-index=\"3\" ><div\n\t\t\t\n\t\t\tclass=\"so-widget-mtt-cover so-widget-mtt-cover-base\"\n\t\t\t\n\t\t>\n<section class=\"mtt-cover\">\n\n    \n    <div class=\"mtt-cover__inner\">\n        <div class=\"mtt-cover__page-container page_container\">\n            <div class=\"mtt-cover__text-container\">\n                                                                            <\/div>\n\n                    <\/div>\n\n        <div class=\"mtt-cover__images\">\n                            <div class=\"mtt-image object-fit\">\n                    <picture>\n                                                    <source srcset=\"https:\/\/greentec.eu\/wp-content\/uploads\/2023\/06\/Sustainability-image-cover-mobile-2.webp\" media=\"(max-width: 550px)\">\n                                                                        <img decoding=\"async\" src=\"https:\/\/greentec.eu\/wp-content\/uploads\/2023\/06\/Sustainability-image-cover-desktop-2.webp\" alt=\"Producent af maskiner med fokus p\u00e5 b\u00e6redygtighed\">\n                    <\/picture>\n                <\/div>\n                                            <\/div>\n\n    <\/div>\n<\/section><\/div><\/div><\/div><\/div><div id=\"pg-26086-4\"  class=\"panel-grid panel-no-style\" ><div id=\"pgc-26086-4-0\"  class=\"panel-grid-cell\" ><div id=\"panel-26086-4-0-0\" class=\"so-panel widget widget_mtt-usps panel-first-child panel-last-child\" data-index=\"4\" ><div\n\t\t\t\n\t\t\tclass=\"so-widget-mtt-usps so-widget-mtt-usps-base\"\n\t\t\t\n\t\t>\n    <section class=\"mtt-usps dark\">\n        <div class=\"mtt-usps__inner page_container spacing_top_32 spacing_bottom_32 spacing-classes-added\">\n                                          <div class=\"mtt-usps__usp\">\n                    <div class=\"mtt-usps__usp--title\">\n                                                    <img decoding=\"async\" src=\"https:\/\/greentec.eu\/wp-content\/uploads\/2023\/06\/Proximity-Icon.svg\" alt=\"N\u00e6rhedsprincippet\" width=\"24\" height=\"24\">\n                                                <p class=\"title\">N\u00e6rhedsprincippet<\/p>                    <\/div>\n                    <div class=\"mtt-usps__usp--text\"><p>Lokale samarbejdspartnere<\/p><\/div>                <\/div>\n                                          <div class=\"mtt-usps__usp\">\n                    <div class=\"mtt-usps__usp--title\">\n                                                    <img decoding=\"async\" src=\"https:\/\/greentec.eu\/wp-content\/uploads\/2023\/06\/Freight-and-packaging-Icon.svg\" alt=\"Fragt og emballage\" width=\"24\" height=\"24\">\n                                                <p class=\"title\">Fragt og emballering<\/p>                    <\/div>\n                    <div class=\"mtt-usps__usp--text\"><p>Optimeret pladsforbrug<\/p><\/div>                <\/div>\n                                          <div class=\"mtt-usps__usp\">\n                    <div class=\"mtt-usps__usp--title\">\n                                                    <img decoding=\"async\" src=\"https:\/\/greentec.eu\/wp-content\/uploads\/2023\/06\/Product-development-Icon.svg\" alt=\"Produktudvikling\" width=\"24\" height=\"24\">\n                                                <p class=\"title\">Produktudvikling<\/p>                    <\/div>\n                    <div class=\"mtt-usps__usp--text\"><p>Smart design for energibesparelse<\/p><\/div>                <\/div>\n                                          <div class=\"mtt-usps__usp\">\n                    <div class=\"mtt-usps__usp--title\">\n                                                    <img decoding=\"async\" src=\"https:\/\/greentec.eu\/wp-content\/uploads\/2023\/06\/Social-responsibility-Icon.svg\" alt=\"Socialt ansvar\" width=\"24\" height=\"24\">\n                                                <p class=\"title\">Socialt ansvar<\/p>                    <\/div>\n                    <div class=\"mtt-usps__usp--text\"><p>Positiv effekt p\u00e5 vores samfund<\/p><\/div>                <\/div>\n                    <\/div>\n    <\/section>\n\n<\/div><\/div><\/div><\/div><div id=\"pg-26086-5\"  class=\"panel-grid panel-no-style\" ><div id=\"pgc-26086-5-0\"  class=\"panel-grid-cell\" ><div id=\"panel-26086-5-0-0\" class=\"so-panel widget widget_mtt-single-content panel-first-child panel-last-child\" data-index=\"5\" ><div\n\t\t\t\n\t\t\tclass=\"so-widget-mtt-single-content so-widget-mtt-single-content-base\"\n\t\t\t\n\t\t>\n<section class=\"mtt-single-post  spacing_top_32 spacing_bottom_56 spacing-classes-added\">\n    <div class=\"mtt-single-post__inner page_container\">\n        <article class=\"mtt-single-post__content mtt-single-post__content--full\">\n                            <div class=\"wysiwyg\">\n                    <h2>N\u00e6rhedsprincippet<\/h2>\n<p>Hos GreenTec producerer vi danske maskiner med danske samarbejdspartnere i Danmark. Det princip er fundamentalt for organisationens levem\u00e5de, og bunder helt konkret i vores lyst til at v\u00e6kste stabilt og b\u00e6redygtigt til gavn for Danmark og vores lokalomr\u00e5de.<\/p>\n<p>N\u00e6rhedsprincippet anvendes i valg og etablering af samarbejder med vores leverand\u00f8rer. Det betyder, at vi har centralisereret vores leverand\u00f8rnetv\u00e6rk i Danmark og Norden for at styrke lokale samarbejder, men at vi ogs\u00e5 fokuserer p\u00e5 f\u00e5 centrale leverand\u00f8rer fremfor en masse mindre akt\u00f8rer.<\/p>\n<h3>Nuv\u00e6rende resultater<\/h3>\n<ul>\n<li>82% af vores leverand\u00f8rer er danske<\/li>\n<li>Et t\u00e6ttere samarbejde betyder specialiserede transportl\u00f8sninger til optimering af transportomkostninger for os og for milj\u00f8et<\/li>\n<li>Udveksling af viden for specialiserede produkter som \u00f8ger effektivitet, leveringssikkerhed og optimering<\/li>\n<\/ul>\n<h3><strong>Fremtiden<\/strong><\/h3>\n<p>N\u00e6rhedsprincippet er et vigtigt fundament for vores videre b\u00e6redygtige rejse. Helt konkret vil vi i 2023 arbejde med f\u00f8lgende tiltag:<\/p>\n<ul>\n<li>Opdateret Code of Conduct for samarbejdsaftaler med fokus p\u00e5 verdensm\u00e5l 8<\/li>\n<li>Stigning p\u00e5 2% af den danske andel af prim\u00e6re leverand\u00f8rer m\u00e5lt p\u00e5 bel\u00f8b fra 82% til 84%<\/li>\n<li>St\u00f8rre fokus p\u00e5 vores leverand\u00f8rer i forhold til deres underleverand\u00f8rer og indk\u00f8bte emners oprindelsesland<\/li>\n<\/ul>\n                <\/div>\n                                <\/article>\n\n            <\/div>\n<\/section><\/div><\/div><\/div><\/div><div id=\"pg-26086-6\"  class=\"panel-grid panel-no-style\" ><div id=\"pgc-26086-6-0\"  class=\"panel-grid-cell\" ><div id=\"panel-26086-6-0-0\" class=\"so-panel widget widget_mtt-image-slider panel-first-child panel-last-child\" data-index=\"6\" ><div\n\t\t\t\n\t\t\tclass=\"so-widget-mtt-image-slider so-widget-mtt-image-slider-base\"\n\t\t\t\n\t\t>\n<section class=\"\">\n    <div class=\"mtt-image-slider\">\n                <div class=\"mtt-image-slider__swiper swiper\">\n            <div class=\"swiper-wrapper\">\n                                    \n    <div class=\"mtt-image-slide swiper-slide\" data-slide-title=\"\">\n        <div class=\"mtt-image-slide__image\">\n            <div class=\"object-fit object-fit--fill\">\n                <picture>\n                                            <source srcset=\"https:\/\/greentec.eu\/wp-content\/uploads\/2025\/01\/Package-and-freight-GreenTec-mobil.webp\" alt=\"Package and freight GreenTec mobil\"\n                                media=\"(max-width: 550px)\">\n                                                            <img decoding=\"async\" src=\"https:\/\/greentec.eu\/wp-content\/uploads\/2025\/01\/Package-and-freight-GreenTec-1829x640.webp\" alt=\"Package and freight GreenTec\">\n                <\/picture>\n            <\/div>\n        <\/div>\n    <\/div>\n                            <\/div>\n        <\/div>\n            <\/div>\n<\/section><\/div><\/div><\/div><\/div><div id=\"pg-26086-7\"  class=\"panel-grid panel-no-style\" ><div id=\"pgc-26086-7-0\"  class=\"panel-grid-cell\" ><div id=\"panel-26086-7-0-0\" class=\"so-panel widget widget_mtt-single-content panel-first-child panel-last-child\" data-index=\"7\" ><div\n\t\t\t\n\t\t\tclass=\"so-widget-mtt-single-content so-widget-mtt-single-content-base\"\n\t\t\t\n\t\t>\n<section class=\"mtt-single-post  spacing_top_32 spacing_bottom_56 spacing-classes-added\">\n    <div class=\"mtt-single-post__inner page_container\">\n        <article class=\"mtt-single-post__content mtt-single-post__content--full\">\n                            <div class=\"wysiwyg\">\n                    <h2>Fragt og Emballering<\/h2>\n<p>Selvom vi fors\u00f8ger at minimere vores transport og k\u00f8rsel ved at centralisere reparationer og service lokalt hos forhandlere og import\u00f8rer, er vi klar over at transporten af vores maskiner er en v\u00e6sentlig udledningskilde.<\/p>\n<p>Vi konstruerede i t\u00e6t samarbejde med vores leverand\u00f8rer skr\u00e6ddersyet emballage til vores maskiner. F\u00f8rst de mest solgte og derefter de resterende maskiner med fokus p\u00e5 at eliminere den traditionelle emballering med plastik og ustabelbare l\u00f8sninger.<\/p>\n<h3>Nuv\u00e6rende resultater<\/h3>\n<p>Emballage i CO2-positivt tr\u00e6 fra ASAPack, som planter 2 tr\u00e6er for hvert tr\u00e6 de f\u00e6lder, hvilket giver store fordele for milj\u00f8et:<\/p>\n<ul>\n<li>Emballage dimensioneret efter de mest g\u00e6ngse ladvogne og containere for at v\u00e6re s\u00e5 pladsbesparende som muligt<\/li>\n<li>Stabelbar l\u00f8sning som \u00f8ger sikkerheden under p\u00e5- og afl\u00e6sning samt \u00f8ger transportsikkerheden for f\u00e6rre reklamationer<\/li>\n<li>Gennemsnitligt 41% flere maskiner pr. container resulterende i massive emissions besparelser<\/li>\n<\/ul>\n<h3><strong>Fremtiden<\/strong><\/h3>\n<p>Emballeringen af vores varer vil fortsat v\u00e6re et fokusomr\u00e5de i 2023. Vi ser et stort behov for optimering i fragt og emballering, s\u00e5 vi forts\u00e6tter vores rejse med f\u00f8lgende m\u00e5ls\u00e6tninger:<\/p>\n<ul>\n<li>Samarbejde med studerende omkring nye materialer til emballering af reservedelsforsendelser<\/li>\n<li>Dokumentere reduktionen af CO2-emission for transport ved brug af den nye emballage til maskiner<\/li>\n<li>Unders\u00f8ge mulighederne for mere b\u00e6redygtige leveringskanaler<\/li>\n<\/ul>\n                <\/div>\n                                <\/article>\n\n            <\/div>\n<\/section><\/div><\/div><\/div><\/div><div id=\"pg-26086-8\"  class=\"panel-grid panel-no-style\" ><div id=\"pgc-26086-8-0\"  class=\"panel-grid-cell\" ><div id=\"panel-26086-8-0-0\" class=\"so-panel widget widget_mtt-image-slider panel-first-child panel-last-child\" data-index=\"8\" ><div\n\t\t\t\n\t\t\tclass=\"so-widget-mtt-image-slider so-widget-mtt-image-slider-base\"\n\t\t\t\n\t\t>\n<section class=\"\">\n    <div class=\"mtt-image-slider\">\n                <div class=\"mtt-image-slider__swiper swiper\">\n            <div class=\"swiper-wrapper\">\n                                    \n    <div class=\"mtt-image-slide swiper-slide\" data-slide-title=\"\">\n        <div class=\"mtt-image-slide__image\">\n            <div class=\"object-fit object-fit--fill\">\n                <picture>\n                                            <source srcset=\"https:\/\/greentec.eu\/wp-content\/uploads\/2025\/01\/Product-Development-GreenTec-lene-mobil.webp\" alt=\"Product Development GreenTec lene mobil\"\n                                media=\"(max-width: 550px)\">\n                                                            <img decoding=\"async\" src=\"https:\/\/greentec.eu\/wp-content\/uploads\/2025\/01\/Product-Development-GreenTec-lene-1829x640.webp\" alt=\"Product Development GreenTec lene\">\n                <\/picture>\n            <\/div>\n        <\/div>\n    <\/div>\n                            <\/div>\n        <\/div>\n            <\/div>\n<\/section><\/div><\/div><\/div><\/div><div id=\"pg-26086-9\"  class=\"panel-grid panel-no-style\" ><div id=\"pgc-26086-9-0\"  class=\"panel-grid-cell\" ><div id=\"panel-26086-9-0-0\" class=\"so-panel widget widget_mtt-single-content panel-first-child panel-last-child\" data-index=\"9\" ><div\n\t\t\t\n\t\t\tclass=\"so-widget-mtt-single-content so-widget-mtt-single-content-base\"\n\t\t\t\n\t\t>\n<section class=\"mtt-single-post  spacing_top_32 spacing_bottom_56 spacing-classes-added\">\n    <div class=\"mtt-single-post__inner page_container\">\n        <article class=\"mtt-single-post__content mtt-single-post__content--full\">\n                            <div class=\"wysiwyg\">\n                    <h2>Produktudvikling<\/h2>\n<p>Hos GreenTec har vi altid arbejdet med udviklingen af maskiner til vedligehold af gr\u00f8nne omr\u00e5der i et enkelt, funktionelt og produktionsvenligt design til den kvalitetsbevidste forbruger. Vores prim\u00e6re fokus har altid v\u00e6ret br\u00e6ndstofreduktion, bedre forhold for chauff\u00f8ren og ekstrem h\u00f8j kvalitet.<\/p>\n<p>I 2022 p\u00e5begyndte vi store initiativer i samarbejde med Danfoss, Danitech, Force Technology, InnoBooster og Xsist som skal udmunde sig i fremtidens h\u00f8jteknologiske maskiner til fordel for milj\u00f8et og \u00f8konomien.<\/p>\n<h3>Nuv\u00e6rende resultater<\/h3>\n<p>Etableringen af systemer for udarbejdelsen af GreenTecs nyeste generation af maskiner i t\u00e6t samarbejde med nogle af Danmarks st\u00e6rkeste teknologiske partnere.<\/p>\n<ul>\n<li>B\u00e6redygtighed er blevet et fokus p\u00e5 h\u00f8jde med kvalitet i udviklingen af nye maskiner<\/li>\n<li>Struktureret arbejde med energieffektivitet i fremtidens maskinpakker<\/li>\n<li>St\u00f8rre reservedelstilg\u00e6ngelighed for en l\u00e6ngere levetid p\u00e5 maskinerne<\/li>\n<\/ul>\n<h3><strong>Fremtiden<\/strong><\/h3>\n<p>Vi har altid produceret maskiner i et enkelt, funktionelt og produktionsvenligt design, og det bliver vi ved med. Men nu skal maskinerne produceres mere b\u00e6redygtigt, derfor har vi f\u00f8lgende m\u00e5l:<\/p>\n<ul>\n<li>\u00d8get effektivisering og digitalisering af produktionsfaciliteter igennem Digital Factory Acceleration Program med DI og Force Technology<\/li>\n<li>N\u00e6ste generation af maskiner med tydelige fordele for milj\u00f8et igennem implementering af industri 4.0<\/li>\n<li>Efteruddannelse om b\u00e6redygtig praksis i produktudvikling af medarbejdere i produktudviklingsteamet<\/li>\n<\/ul>\n                <\/div>\n                                <\/article>\n\n            <\/div>\n<\/section><\/div><\/div><\/div><\/div><div id=\"pg-26086-10\"  class=\"panel-grid panel-no-style\" ><div id=\"pgc-26086-10-0\"  class=\"panel-grid-cell\" ><div id=\"panel-26086-10-0-0\" class=\"so-panel widget widget_mtt-image-slider panel-first-child panel-last-child\" data-index=\"10\" ><div\n\t\t\t\n\t\t\tclass=\"so-widget-mtt-image-slider so-widget-mtt-image-slider-base\"\n\t\t\t\n\t\t>\n<section class=\"\">\n    <div class=\"mtt-image-slider\">\n                <div class=\"mtt-image-slider__swiper swiper\">\n            <div class=\"swiper-wrapper\">\n                                    \n    <div class=\"mtt-image-slide swiper-slide\" data-slide-title=\"\">\n        <div class=\"mtt-image-slide__image\">\n            <div class=\"object-fit object-fit--fill\">\n                <picture>\n                                            <source srcset=\"https:\/\/greentec.eu\/wp-content\/uploads\/2023\/06\/Sustainability-image-slider-mobile-4.webp\" alt=\"Arbejdsarrangement hos GreenTec\"\n                                media=\"(max-width: 550px)\">\n                                                            <img decoding=\"async\" src=\"https:\/\/greentec.eu\/wp-content\/uploads\/2023\/06\/Sustainability-image-slider-desktop-4-1829x640.webp\" alt=\"Arbejdsarrangement hos GreenTec\">\n                <\/picture>\n            <\/div>\n        <\/div>\n    <\/div>\n                            <\/div>\n        <\/div>\n            <\/div>\n<\/section><\/div><\/div><\/div><\/div><div id=\"pg-26086-11\"  class=\"panel-grid panel-no-style\" ><div id=\"pgc-26086-11-0\"  class=\"panel-grid-cell\" ><div id=\"panel-26086-11-0-0\" class=\"so-panel widget widget_mtt-single-content panel-first-child panel-last-child\" data-index=\"11\" ><div\n\t\t\t\n\t\t\tclass=\"so-widget-mtt-single-content so-widget-mtt-single-content-base\"\n\t\t\t\n\t\t>\n<section class=\"mtt-single-post  spacing_top_32 spacing_bottom_56 spacing-classes-added\">\n    <div class=\"mtt-single-post__inner page_container\">\n        <article class=\"mtt-single-post__content mtt-single-post__content--full\">\n                            <div class=\"wysiwyg\">\n                    <h2>Cirkul\u00e6rt partnerskab med Papirv\u00e6rk<\/h2>\n<p>Papirv\u00e6rk blev grundlagt med et simpelt m\u00e5l: at bek\u00e6mpe papirspild ved at holde materialer i cirkulation i stedet for at lade dem blive br\u00e6ndt eller sendt til udlandet. Deres model bygger p\u00e5 en 100% dansk v\u00e6rdik\u00e6de, hvor kasseret papir indsamles, forarbejdes og returneres som nye produkter, hvilket skaber et lukket kredsl\u00f8b, hvor intet g\u00e5r til spilde.<\/p>\n<div>\n<p>Gennem dette partnerskab vil GreenTecs eget papiraffald blive indsamlet af Papirv\u00e6rk, genanvendt lokalt i Odense og leveret tilbage til os som meningsfulde, b\u00e6redygtige papirprodukter. Dette underst\u00f8tter yderligere vores cirkul\u00e6re arbejdsgange og vores indsats for at minimere vores milj\u00f8aftryk og styrker samtidig vores gr\u00f8nne profil ved at bruge ansvarligt fremstillede materialer, som stammer fra vores egne affaldsstr\u00f8mme.<\/p>\n<\/div>\n<h2>Social Ansvarlighed<\/h2>\n<p>Social ansvarlighed er en vigtig del af det at drive en virksomhed, da vi ikke alene besk\u00e6ftiger en masse fantastiske mennesker, men ogs\u00e5 p\u00e5virker verden omkring os. Netop derfor har vi i de seneste \u00e5r fokuseret i stadig stigende grad p\u00e5 f\u00f8lgende socialt ansvarlige tiltag - det giver mening for os og for lokalomr\u00e5det omkring os.<\/p>\n<h3><strong>Medarbejderudvikling og tilfredshed<\/strong><\/h3>\n<p>Vi er alle en del af en f\u00e6lles vision om at udvikle b\u00e6redygtige og effektive produkter til vedligeholdelse af gr\u00f8nne omr\u00e5der. Vi \u00f8nsker, at vores medarbejdere skal have de bedste foruds\u00e6tninger for at l\u00e6re og tilbyde kurser for at udvide deres horisont.<\/p>\n<p>Vi har i 2022 afholdt en workshop med fokus p\u00e5 f\u00f8rstehj\u00e6lp og brugen af en nyligt opsat hjertestarter. Vores hjertestarter er gr\u00f8n. Det betyder, at den er tilg\u00e6ngelig for alle 24 timer i d\u00f8gnet til fordel for alle som kunne have brug for det b\u00e5de indenfor og udenfor \u00e5bningstiden. Udover det er alle vores medarbejdere d\u00e6kket af en udvidet sundhedsforsikring, s\u00e5 vi sikrer os hurtig bedring og det bedste forl\u00f8b ved sygdom.<\/p>\n<p>Vores medarbejdere er virksomhedens hjerte, og vores st\u00f8rste ressource. Derfor g\u00f8r vi meget ud af at afholde medarbejderspecifikke arrangementer s\u00e5som, juleafslutning, arrangementer for gode salgstal, infom\u00f8der med kage, juletr\u00e6st\u00e6nding med julemand og en masse andet.<\/p>\n<h3><strong>Anti-korruption og ligestilling<\/strong><\/h3>\n<p>Hos GreenTec har vi altid fokuseret p\u00e5 ansvarlig drift, og korruption er helt uacceptabelt i vores perspektiv. Samtidig er det vigtigt for os at alle f\u00f8ler sig velkomne hos GreenTec, uanset etnicitet, alder, k\u00f8n, seksualitet, sygdom eller andet som kan v\u00e6re g\u00e6ldende for vores ansatte.<\/p>\n<h3>Velg\u00f8renhed og donationer<\/h3>\n<p>Vi er stolt sponsor af KIF H\u00e5ndbold igennem mange \u00e5r, og vores medarbejdere nyder herigennem godt af billetter, drikkekort og middage - for at styrke foreningslivet og engagere vores medarbejdere i den lokale sportslige scene.<\/p>\n                <\/div>\n                                <\/article>\n\n            <\/div>\n<\/section><\/div><\/div><\/div><\/div><div id=\"pg-26086-12\"  class=\"panel-grid panel-no-style\" ><div id=\"pgc-26086-12-0\"  class=\"panel-grid-cell\" ><div id=\"panel-26086-12-0-0\" class=\"so-panel widget widget_mtt-single-content panel-first-child panel-last-child\" data-index=\"12\" ><div\n\t\t\t\n\t\t\tclass=\"so-widget-mtt-single-content so-widget-mtt-single-content-base\"\n\t\t\t\n\t\t>\n<section class=\"mtt-single-post  spacing_bottom_56 spacing-classes-added\">\n    <div class=\"mtt-single-post__inner page_container\">\n        <article class=\"mtt-single-post__content mtt-single-post__content--full\">\n                            <div class=\"wysiwyg\">\n                    <p><a href=\"https:\/\/www.kif.dk\/\"><img decoding=\"async\" class=\"alignright wp-image-25950\" src=\"https:\/\/greentec.eu\/wp-content\/uploads\/2023\/06\/KIF_Kolding_handball_club-236x300.png\" alt=\"\" width=\"11%\" height=\"196\" srcset=\"https:\/\/greentec.eu\/wp-content\/uploads\/2023\/06\/KIF_Kolding_handball_club-236x300.png 236w, https:\/\/greentec.eu\/wp-content\/uploads\/2023\/06\/KIF_Kolding_handball_club.png 280w\" sizes=\"(max-width: 236px) 100vw, 236px\" \/><\/a><\/p>\n                <\/div>\n                                <\/article>\n\n            <\/div>\n<\/section><\/div><\/div><\/div><\/div><\/div>","protected":false},"excerpt":{"rendered":"<p>B\u00e6redygtighed GreenTec arbejder for en b\u00e6redygtig produktionsfremtid GreenTec er en virksomhed i v\u00e6kst, og vi er fuldst\u00e6ndig bevidste om det ansvar virksomhedsdrift i vores branche medf\u00f8rer. Vi \u00f8nsker derfor, at bidrage positivt til den gr\u00f8nne omstilling for en god og b\u00e6redygtig fremtid for os alle. Hos GreenTec f\u00f8lger vi tanken om, at arbejdet med b\u00e6redygtighed [&hellip;]<\/p>\n","protected":false},"author":2,"featured_media":0,"parent":0,"menu_order":0,"comment_status":"closed","ping_status":"closed","template":"","meta":{"_acf_changed":false,"_relevanssi_hide_post":"","_relevanssi_hide_content":"","_relevanssi_pin_for_all":"","_relevanssi_pin_keywords":"","_relevanssi_unpin_keywords":"","_relevanssi_related_keywords":"","_relevanssi_related_include_ids":"","_relevanssi_related_exclude_ids":"","_relevanssi_related_no_append":"","_relevanssi_related_not_related":"","_relevanssi_related_posts":"","_relevanssi_noindex_reason":"","inline_featured_image":false,"footnotes":""},"class_list":["post-26086","page","type-page","status-publish","hentry"],"acf":[],"yoast_head":"<!-- This site is optimized with the Yoast SEO plugin v27.0 - https:\/\/yoast.com\/product\/yoast-seo-wordpress\/ -->\n<title>B\u00e6redygtighed - GreenTec<\/title>\n<meta name=\"robots\" content=\"index, follow, max-snippet:-1, max-image-preview:large, max-video-preview:-1\" \/>\n<link rel=\"canonical\" href=\"https:\/\/greentec.eu\/da\/baeredygtighed\/\" \/>\n<meta property=\"og:locale\" content=\"da_DK\" \/>\n<meta property=\"og:type\" content=\"article\" \/>\n<meta property=\"og:title\" content=\"B\u00e6redygtighed - GreenTec\" \/>\n<meta property=\"og:description\" content=\"B\u00e6redygtighed GreenTec arbejder for en b\u00e6redygtig produktionsfremtid GreenTec er en virksomhed i v\u00e6kst, og vi er fuldst\u00e6ndig bevidste om det ansvar virksomhedsdrift i vores branche medf\u00f8rer. Vi \u00f8nsker derfor, at bidrage positivt til den gr\u00f8nne omstilling for en god og b\u00e6redygtig fremtid for os alle. Hos GreenTec f\u00f8lger vi tanken om, at arbejdet med b\u00e6redygtighed [&hellip;]\" \/>\n<meta property=\"og:url\" content=\"https:\/\/greentec.eu\/da\/baeredygtighed\/\" \/>\n<meta property=\"og:site_name\" content=\"GreenTec\" \/>\n<meta property=\"article:modified_time\" content=\"2026-03-18T08:54:11+00:00\" \/>\n<meta name=\"twitter:card\" content=\"summary_large_image\" \/>\n<meta name=\"twitter:label1\" content=\"Estimeret l\u00e6setid\" \/>\n\t<meta name=\"twitter:data1\" content=\"8 minutter\" \/>\n<script type=\"application\/ld+json\" class=\"yoast-schema-graph\">{\"@context\":\"https:\/\/schema.org\",\"@graph\":[{\"@type\":\"WebPage\",\"@id\":\"https:\/\/greentec.eu\/da\/baeredygtighed\/\",\"url\":\"https:\/\/greentec.eu\/da\/baeredygtighed\/\",\"name\":\"B\u00e6redygtighed - GreenTec\",\"isPartOf\":{\"@id\":\"https:\/\/greentec.eu\/da\/#website\"},\"datePublished\":\"2022-09-15T12:08:09+00:00\",\"dateModified\":\"2026-03-18T08:54:11+00:00\",\"inLanguage\":\"da-DK\",\"potentialAction\":[{\"@type\":\"ReadAction\",\"target\":[\"https:\/\/greentec.eu\/da\/baeredygtighed\/\"]}]},{\"@type\":\"WebSite\",\"@id\":\"https:\/\/greentec.eu\/da\/#website\",\"url\":\"https:\/\/greentec.eu\/da\/\",\"name\":\"GreenTec\",\"description\":\"Maskiner til Hegnsklipning og Rabatklipning\",\"potentialAction\":[{\"@type\":\"SearchAction\",\"target\":{\"@type\":\"EntryPoint\",\"urlTemplate\":\"https:\/\/greentec.eu\/da\/?s={search_term_string}\"},\"query-input\":{\"@type\":\"PropertyValueSpecification\",\"valueRequired\":true,\"valueName\":\"search_term_string\"}}],\"inLanguage\":\"da-DK\"}]}<\/script>\n<!-- \/ Yoast SEO plugin. -->","yoast_head_json":{"title":"B\u00e6redygtighed - GreenTec","robots":{"index":"index","follow":"follow","max-snippet":"max-snippet:-1","max-image-preview":"max-image-preview:large","max-video-preview":"max-video-preview:-1"},"canonical":"https:\/\/greentec.eu\/da\/baeredygtighed\/","og_locale":"da_DK","og_type":"article","og_title":"B\u00e6redygtighed - GreenTec","og_description":"B\u00e6redygtighed GreenTec arbejder for en b\u00e6redygtig produktionsfremtid GreenTec er en virksomhed i v\u00e6kst, og vi er fuldst\u00e6ndig bevidste om det ansvar virksomhedsdrift i vores branche medf\u00f8rer. Vi \u00f8nsker derfor, at bidrage positivt til den gr\u00f8nne omstilling for en god og b\u00e6redygtig fremtid for os alle. Hos GreenTec f\u00f8lger vi tanken om, at arbejdet med b\u00e6redygtighed [&hellip;]","og_url":"https:\/\/greentec.eu\/da\/baeredygtighed\/","og_site_name":"GreenTec","article_modified_time":"2026-03-18T08:54:11+00:00","twitter_card":"summary_large_image","twitter_misc":{"Estimeret l\u00e6setid":"8 minutter"},"schema":{"@context":"https:\/\/schema.org","@graph":[{"@type":"WebPage","@id":"https:\/\/greentec.eu\/da\/baeredygtighed\/","url":"https:\/\/greentec.eu\/da\/baeredygtighed\/","name":"B\u00e6redygtighed - GreenTec","isPartOf":{"@id":"https:\/\/greentec.eu\/da\/#website"},"datePublished":"2022-09-15T12:08:09+00:00","dateModified":"2026-03-18T08:54:11+00:00","inLanguage":"da-DK","potentialAction":[{"@type":"ReadAction","target":["https:\/\/greentec.eu\/da\/baeredygtighed\/"]}]},{"@type":"WebSite","@id":"https:\/\/greentec.eu\/da\/#website","url":"https:\/\/greentec.eu\/da\/","name":"GreenTec","description":"Maskiner til Hegnsklipning og Rabatklipning","potentialAction":[{"@type":"SearchAction","target":{"@type":"EntryPoint","urlTemplate":"https:\/\/greentec.eu\/da\/?s={search_term_string}"},"query-input":{"@type":"PropertyValueSpecification","valueRequired":true,"valueName":"search_term_string"}}],"inLanguage":"da-DK"}]}},"_links":{"self":[{"href":"https:\/\/greentec.eu\/da\/wp-json\/wp\/v2\/pages\/26086","targetHints":{"allow":["GET"]}}],"collection":[{"href":"https:\/\/greentec.eu\/da\/wp-json\/wp\/v2\/pages"}],"about":[{"href":"https:\/\/greentec.eu\/da\/wp-json\/wp\/v2\/types\/page"}],"author":[{"embeddable":true,"href":"https:\/\/greentec.eu\/da\/wp-json\/wp\/v2\/users\/2"}],"replies":[{"embeddable":true,"href":"https:\/\/greentec.eu\/da\/wp-json\/wp\/v2\/comments?post=26086"}],"version-history":[{"count":10,"href":"https:\/\/greentec.eu\/da\/wp-json\/wp\/v2\/pages\/26086\/revisions"}],"predecessor-version":[{"id":35770,"href":"https:\/\/greentec.eu\/da\/wp-json\/wp\/v2\/pages\/26086\/revisions\/35770"}],"wp:attachment":[{"href":"https:\/\/greentec.eu\/da\/wp-json\/wp\/v2\/media?parent=26086"}],"curies":[{"name":"wp","href":"https:\/\/api.w.org\/{rel}","templated":true}]}}